{"id":4799,"date":"2022-09-17T12:57:33","date_gmt":"2022-09-17T12:57:33","guid":{"rendered":"https:\/\/noas.no\/riketstilstand\/?page_id=4799"},"modified":"2022-09-23T14:38:40","modified_gmt":"2022-09-23T14:38:40","slug":"kvoteflyktninger-og-relokalisering","status":"publish","type":"page","link":"https:\/\/noas.no\/riketstilstand\/2016-2\/kvoteflyktninger-og-relokalisering\/","title":{"rendered":"Kvoteflyktninger og relokalisering"},"content":{"rendered":"\t\t<div data-elementor-type=\"wp-page\" data-elementor-id=\"4799\" class=\"elementor elementor-4799\">\n\t\t\t\t\t\t<section class=\"elementor-section elementor-top-section elementor-element elementor-element-6ecc1f6 elementor-section-full_width elementor-section-height-full elementor-section-content-middle elementor-section-stretched elementor-section-height-default elementor-section-items-middle\" data-id=\"6ecc1f6\" data-element_type=\"section\" data-e-type=\"section\" data-settings=\"{&quot;background_background&quot;:&quot;classic&quot;,&quot;stretch_section&quot;:&quot;section-stretched&quot;}\">\n\t\t\t\t\t\t\t<div class=\"elementor-background-overlay\"><\/div>\n\t\t\t\t\t\t\t<div class=\"elementor-container elementor-column-gap-default\">\n\t\t\t\t\t<div class=\"elementor-column elementor-col-100 elementor-top-column elementor-element elementor-element-549a4b88\" data-id=\"549a4b88\" data-element_type=\"column\" data-e-type=\"column\">\n\t\t\t<div class=\"elementor-widget-wrap elementor-element-populated\">\n\t\t\t\t\t\t<div class=\"elementor-element elementor-element-50eb6a34 elementor-widget elementor-widget-heading\" data-id=\"50eb6a34\" data-element_type=\"widget\" data-e-type=\"widget\" data-widget_type=\"heading.default\">\n\t\t\t\t<div class=\"elementor-widget-container\">\n\t\t\t\t\t<h1 class=\"elementor-heading-title elementor-size-default\">Kvoteflyktninger og relokalisering 2016<\/h1>\t\t\t\t<\/div>\n\t\t\t\t<\/div>\n\t\t\t\t\t<\/div>\n\t\t<\/div>\n\t\t\t\t\t<\/div>\n\t\t<\/section>\n\t\t\t\t<section class=\"elementor-section elementor-top-section elementor-element elementor-element-565a7af elementor-section-boxed elementor-section-height-default elementor-section-height-default\" data-id=\"565a7af\" data-element_type=\"section\" data-e-type=\"section\">\n\t\t\t\t\t\t<div class=\"elementor-container elementor-column-gap-default\">\n\t\t\t\t\t<div class=\"elementor-column elementor-col-100 elementor-top-column elementor-element elementor-element-6ffba3a\" data-id=\"6ffba3a\" data-element_type=\"column\" data-e-type=\"column\">\n\t\t\t<div class=\"elementor-widget-wrap\">\n\t\t\t\t\t\t\t<\/div>\n\t\t<\/div>\n\t\t\t\t\t<\/div>\n\t\t<\/section>\n\t\t\t\t<section class=\"elementor-section elementor-top-section elementor-element elementor-element-27db119a elementor-section-boxed elementor-section-height-default elementor-section-height-default\" data-id=\"27db119a\" data-element_type=\"section\" data-e-type=\"section\">\n\t\t\t\t\t\t<div class=\"elementor-container elementor-column-gap-default\">\n\t\t\t\t\t<div class=\"elementor-column elementor-col-100 elementor-top-column elementor-element elementor-element-6d198274\" data-id=\"6d198274\" data-element_type=\"column\" data-e-type=\"column\">\n\t\t\t<div class=\"elementor-widget-wrap elementor-element-populated\">\n\t\t\t\t\t\t<div class=\"elementor-element elementor-element-800bef5 elementor-widget elementor-widget-text-editor\" data-id=\"800bef5\" data-element_type=\"widget\" data-e-type=\"widget\" data-widget_type=\"text-editor.default\">\n\t\t\t\t<div class=\"elementor-widget-container\">\n\t\t\t\t\t\t\t\t\t<h5>Norge har to ulike ordninger for \u00e5 hente mennesker med beskyttelsesbehov til landet. Vi mottar kvoteflyktninger, i regi av FN, og vi henter asyls\u00f8kere fra S\u00f8r-Europa, organisert av EU.<\/h5><h5>\u00a0<\/h5>\t\t\t\t\t\t\t\t<\/div>\n\t\t\t\t<\/div>\n\t\t\t\t<div class=\"elementor-element elementor-element-b283313 elementor-widget-divider--view-line elementor-widget elementor-widget-divider\" data-id=\"b283313\" data-element_type=\"widget\" data-e-type=\"widget\" data-widget_type=\"divider.default\">\n\t\t\t\t<div class=\"elementor-widget-container\">\n\t\t\t\t\t\t\t<div class=\"elementor-divider\">\n\t\t\t<span class=\"elementor-divider-separator\">\n\t\t\t\t\t\t<\/span>\n\t\t<\/div>\n\t\t\t\t\t\t<\/div>\n\t\t\t\t<\/div>\n\t\t\t\t<div class=\"elementor-element elementor-element-2fc62737 elementor-widget elementor-widget-text-editor\" data-id=\"2fc62737\" data-element_type=\"widget\" data-e-type=\"widget\" data-widget_type=\"text-editor.default\">\n\t\t\t\t<div class=\"elementor-widget-container\">\n\t\t\t\t\t\t\t\t\t<div id=\"yui_3_17_2_1_1663419437632_76\" class=\"custom-css\" data-content-field=\"main-content\" data-collection-id=\"592568d9440243e28fa11c6b\" data-edit-main-image=\"Page Banner\"><div id=\"page-592568d9440243e28fa11c6b\" class=\"sqs-layout sqs-grid-12 columns-12\" data-type=\"page\" data-updated-on=\"1553506984047\"><div class=\"row sqs-row\"><div class=\"col sqs-col-5 span-5\"><div id=\"block-yui_3_17_2_4_1496103233810_6606\" class=\"sqs-block spacer-block sqs-block-spacer\" data-aspect-ratio=\"37.2168284789644\" data-block-type=\"21\"><blockquote><div id=\"yui_3_17_2_1_1663419437632_131\" class=\"sqs-block-content sqs-intrinsic\" style=\"padding-bottom: 37.2168%;\">\u00a0<\/div><\/blockquote><\/div><blockquote><div id=\"block-yui_3_17_2_4_1496103233810_5669\" class=\"sqs-block quote-block sqs-block-quote null\" data-block-type=\"31\"><div class=\"sqs-block-content\"><figure class=\"block-animation-none\"><blockquote data-animation-role=\"quote\"><p>\u201cAvtalen om \u00e5 hente hit flere syrere har alts\u00e5 g\u00e5tt p\u00e5 bekostning av overf\u00f8ringsflyktninger som befinner seg i andre land i krig og konflikt, i strid med forlikspartenes forutsetninger.\u201d<\/p><\/blockquote><\/figure><\/div><\/div><\/blockquote><\/div><blockquote><div class=\"col sqs-col-7 span-7\"><div class=\"row sqs-row\"><div class=\"col sqs-col-6 span-6\"><div id=\"block-01831310270a34374958\" class=\"sqs-block html-block sqs-block-html\" data-block-type=\"2\"><div class=\"sqs-block-content\"><p style=\"white-space: pre-wrap;\">\u00a0<\/p><h2 style=\"white-space: pre-wrap;\">Asyls\u00f8kere fra S\u00f8r-Europa<\/h2><p style=\"white-space: pre-wrap;\">I desember 2015 vedtok Stortinget at Norge skulle ta imot 1500 asyls\u00f8kere fra Italia og Hellas i l\u00f8pet av 2016 og 2017. Norge valgte dermed \u00e5 delta i EUs relokaliseringsprogram, hvor asyls\u00f8kere hentes fra overbelastede land i S\u00f8r-Europa, og f\u00e5r asyls\u00f8knaden sin behandlet i et annet europeisk land.\u00a0<\/p><p style=\"white-space: pre-wrap;\">Ordningen omfatter asyls\u00f8kere som har stor sjanse for \u00e5 f\u00e5 beskyttelse. De aller fleste asyls\u00f8kerne som er relokalisert i Norge kommer fra Syria og Eritrea. Asyls\u00f8kerne kom til Norge mellom oktober 2016 og juni 2017. Relokaliserte asyls\u00f8kere fra S\u00f8r-Europa g\u00e5r gjennom den vanlige asylprosedyren i Norge, og bor i mottak mens de venter p\u00e5 at asyls\u00f8knaden vurderes.<\/p><p style=\"white-space: pre-wrap;\">Les mer om ordningen p\u00e5 <a href=\"https:\/\/www.udi.no\/ord-og-begreper\/relokalisering-av-asylsokere-fra-hellas-og-italia-til-norge\/\" target=\"_blank\" rel=\"noopener\">UDIs sider<\/a>.\u00a0<br \/>\u00a0<\/p><h2 style=\"white-space: pre-wrap;\">Kvoteflyktninger i regi av FN<\/h2><p style=\"white-space: pre-wrap;\">Norge henter hvert \u00e5r overf\u00f8ringsflyktninger\/kvoteflyktninger til Norge. Kvoteflyktninger er personer som verken kan returnere til hjemlandet eller bli integrert i landet de oppholder seg i, og hvor det derfor er aktuelt \u00e5 overf\u00f8re dem til et tredje land. Ordningen administreres av FNs h\u00f8ykommiss\u00e6r for flyktninger.\u00a0<\/p><p style=\"white-space: pre-wrap;\">UDI bestemmer hvilke flyktninger som f\u00e5r komme til Norge, og har avklart f\u00f8r de kommer hvilken kommune de skal bo i. Kvoteflyktninger bor ikke i asylmottak i Norge, men bosettes direkte i en kommune.<\/p><\/div><\/div><\/div><div class=\"col sqs-col-1 span-1\"><div id=\"block-yui_3_17_2_4_1496103233810_7955\" class=\"sqs-block spacer-block sqs-block-spacer sized vsize-1\" data-block-type=\"21\"><div class=\"sqs-block-content\">\u00a0<\/div><\/div><\/div><\/div><\/div><\/blockquote><\/div><div id=\"yui_3_17_2_1_1663419437632_75\" class=\"row sqs-row\"><div id=\"yui_3_17_2_1_1663419437632_74\" class=\"col sqs-col-12 span-12\"><blockquote><div id=\"block-yui_3_17_2_12_1496103233810_10353\" class=\"sqs-block image-block sqs-block-image sqs-text-ready\" data-aspect-ratio=\"38.149556400506974\" data-block-type=\"5\"><div id=\"yui_3_17_2_1_1663419437632_73\" class=\"sqs-block-content\"><div id=\"yui_3_17_2_1_1663419437632_72\" class=\" image-block-outer-wrapper layout-caption-below design-layout-inline combination-animation-none individual-animation-none individual-text-animation-none \" data-test=\"image-block-inline-outer-wrapper\"><figure id=\"yui_3_17_2_1_1663419437632_71\" class=\" sqs-block-image-figure intrinsic \" style=\"max-width: 945px;\"><div id=\"yui_3_17_2_1_1663419437632_70\" class=\"image-block-wrapper\" data-animation-role=\"image\"><div id=\"yui_3_17_2_1_1663419437632_69\" class=\"sqs-image-shape-container-element has-aspect-ratio \" style=\"position: relative; padding-bottom: 38.14955520629883%; overflow: hidden;\"><noscript><img decoding=\"async\" src=\"https:\/\/images.squarespace-cdn.com\/content\/v1\/56e6a2632b8dde4bafc35e0b\/1496104425473-IORJ4RPQWT7MU19ZBEBX\/image-asset.jpeg\" alt=\"FOTO: UNHCR\/HELENA PAS\" \/><\/noscript><img decoding=\"async\" class=\"thumb-image loaded\" style=\"left: 0%; top: -37.2576%; width: 100%; height: 174.515%; position: absolute;\" src=\"https:\/\/images.squarespace-cdn.com\/content\/v1\/56e6a2632b8dde4bafc35e0b\/1496104425473-IORJ4RPQWT7MU19ZBEBX\/image-asset.jpeg?format=1000w\" alt=\"FOTO: UNHCR\/HELENA PAS\" data-src=\"https:\/\/images.squarespace-cdn.com\/content\/v1\/56e6a2632b8dde4bafc35e0b\/1496104425473-IORJ4RPQWT7MU19ZBEBX\/image-asset.jpeg\" data-image=\"https:\/\/images.squarespace-cdn.com\/content\/v1\/56e6a2632b8dde4bafc35e0b\/1496104425473-IORJ4RPQWT7MU19ZBEBX\/image-asset.jpeg\" data-image-dimensions=\"945x630\" data-image-focal-point=\"0.5,0.5\" data-load=\"false\" data-image-id=\"592cbde91b10e3b323943e3c\" data-type=\"image\" data-image-resolution=\"1000w\" \/><\/div><\/div><figcaption class=\"image-caption-wrapper\"><div class=\"image-caption\"><p>FOTO: UNHCR\/HELENA PAS<\/p><\/div><\/figcaption><\/figure><\/div><\/div><\/div><div class=\"row sqs-row\"><div class=\"col sqs-col-2 span-2\"><div id=\"block-yui_3_17_2_14_1496103233810_9006\" class=\"sqs-block spacer-block sqs-block-spacer sized vsize-1\" data-block-type=\"21\"><div class=\"sqs-block-content\">\u00a0<\/div><\/div><\/div><div class=\"col sqs-col-8 span-8\"><div id=\"block-yui_3_17_2_14_1496103233810_8078\" class=\"sqs-block html-block sqs-block-html\" data-block-type=\"2\"><div class=\"sqs-block-content\"><h2 style=\"white-space: pre-wrap;\">Syria-forliket om kvoteflyktninger<\/h2><p style=\"white-space: pre-wrap;\">Syria-forliket ble vedtatt av et flertall av partiene p\u00e5 Stortinget i juni 2015. Avtalen sa at Norge skulle hente 8 000 syriske kvoteflyktninger til landet i l\u00f8pet av tre \u00e5r, og at den norske humanit\u00e6re hjelpen i n\u00e6romr\u00e5dene skulle \u00f8ke med 250 millioner kroner i 2015, til 1,25 milliarder kroner.<\/p><p style=\"white-space: pre-wrap;\">F\u00f8r forliket ble inng\u00e5tt, var det bestemt at Norge skulle ta imot 2 120 kvoteflyktninger i 2015, hvorav 1 500 syrere. Med en videref\u00f8ring p\u00e5 samme niv\u00e5 de neste \u00e5rene, ville Norge tatt imot til sammen 4 500 syrere og totalt 6 360 kvoteflyktninger over tre \u00e5r. I s\u00e5 fall ville Syria-forliket f\u00f8rt til en \u00f8kning p\u00e5 3 500 kvoteflyktninger fordelt over tre \u00e5r.<br \/>\u00a0<\/p><h2 style=\"white-space: pre-wrap;\">Flere syrere p\u00e5 bekostning av andre grupper<\/h2><p style=\"white-space: pre-wrap;\">Fra 2016 kuttet imidlertid regjeringen kvoten til andre enn syrere, slik at antallet kvoteflyktninger fra andre land eller grupper ble redusert fra 650 til 120 i \u00e5ret. I 2016 og 2017 kommer det dermed langt f\u00e6rre afghanske og kongolesiske kvinner og barn, lokalt personell i Afghanistan eller kvoteflyktninger som kommer til Norge av medisinske \u00e5rsaker eller i hastesituasjoner.\u00a0<\/p><p style=\"white-space: pre-wrap;\">Avtalen om \u00e5 hente hit flere syrere har alts\u00e5 g\u00e5tt p\u00e5 bekostning av overf\u00f8ringsflyktninger som befinner seg i andre land i krig og konflikt, <a href=\"http:\/\/www.aftenposten.no\/norge\/politikk\/KrF-og-Venstre-forventer-at-syrerne-ikke-skyver-ut-andre-flyktninger-37035b.html\" target=\"_blank\" rel=\"noopener\">i strid med forlikspartenes forutsetninger<\/a>. Regjeringens tolking og h\u00e5ndheving av avtalen inneb\u00e6rer at Syria-forliket resulterte i en mindre \u00f8kning i antall kvoteflyktninger enn det opposisjonspartiene mente de skrev under p\u00e5. I stedet for 3500 flere sammenlignet med Solberg-regjeringens praksis, ble resultatet av forliket en \u00f8kning p\u00e5 2500 kvoteflyktninger fordelt p\u00e5 tre \u00e5r.<\/p><\/div><\/div><\/div><div class=\"col sqs-col-2 span-2\"><div id=\"block-yui_3_17_2_14_1496103233810_10067\" class=\"sqs-block spacer-block sqs-block-spacer sized vsize-1\" data-block-type=\"21\"><div class=\"sqs-block-content\">\u00a0<\/div><\/div><\/div><\/div><div id=\"block-yui_3_17_2_16_1496103233810_7620\" class=\"sqs-block image-block sqs-block-image sqs-text-ready\" data-aspect-ratio=\"42.07858048162231\" data-block-type=\"5\"><div id=\"yui_3_17_2_1_1663419437632_95\" class=\"sqs-block-content\"><div id=\"yui_3_17_2_1_1663419437632_94\" class=\" image-block-outer-wrapper layout-caption-below design-layout-inline combination-animation-none individual-animation-none individual-text-animation-none \" data-test=\"image-block-inline-outer-wrapper\"><figure id=\"yui_3_17_2_1_1663419437632_93\" class=\" sqs-block-image-figure intrinsic \" style=\"max-width: 944px;\"><div id=\"yui_3_17_2_1_1663419437632_92\" class=\"image-block-wrapper\" data-animation-role=\"image\"><div id=\"yui_3_17_2_1_1663419437632_91\" class=\"sqs-image-shape-container-element has-aspect-ratio \" style=\"position: relative; padding-bottom: 42.07857894897461%; overflow: hidden;\"><noscript><img decoding=\"async\" src=\"https:\/\/images.squarespace-cdn.com\/content\/v1\/56e6a2632b8dde4bafc35e0b\/1496104585852-IAQRTEPOPZI0TA941NBZ\/image-asset.jpeg\" alt=\"FOTO: UNHCR\/JOHN WENDL\" \/><\/noscript><img decoding=\"async\" class=\"thumb-image loaded\" style=\"left: 0%; top: -29.3451%; width: 100%; height: 158.69%; position: absolute;\" src=\"https:\/\/images.squarespace-cdn.com\/content\/v1\/56e6a2632b8dde4bafc35e0b\/1496104585852-IAQRTEPOPZI0TA941NBZ\/image-asset.jpeg?format=1000w\" alt=\"FOTO: UNHCR\/JOHN WENDL\" data-src=\"https:\/\/images.squarespace-cdn.com\/content\/v1\/56e6a2632b8dde4bafc35e0b\/1496104585852-IAQRTEPOPZI0TA941NBZ\/image-asset.jpeg\" data-image=\"https:\/\/images.squarespace-cdn.com\/content\/v1\/56e6a2632b8dde4bafc35e0b\/1496104585852-IAQRTEPOPZI0TA941NBZ\/image-asset.jpeg\" data-image-dimensions=\"944x630\" data-image-focal-point=\"0.5,0.5\" data-load=\"false\" data-image-id=\"592cbe87bebafb216b695a80\" data-type=\"image\" data-image-resolution=\"1000w\" \/><\/div><\/div><figcaption class=\"image-caption-wrapper\"><div class=\"image-caption\"><p>FOTO: UNHCR\/JOHN WENDL<\/p><\/div><\/figcaption><\/figure><\/div><\/div><\/div><\/blockquote><div class=\"row sqs-row\"><blockquote><div class=\"col sqs-col-2 span-2\"><div id=\"block-yui_3_17_2_16_1496103233810_12262\" class=\"sqs-block spacer-block sqs-block-spacer sized vsize-1\" data-block-type=\"21\"><div class=\"sqs-block-content\">\u00a0<\/div><\/div><\/div><div class=\"col sqs-col-8 span-8\"><div id=\"block-yui_3_17_2_16_1496103233810_11003\" class=\"sqs-block html-block sqs-block-html\" data-block-type=\"2\"><div class=\"sqs-block-content\"><h2 style=\"white-space: pre-wrap;\">Usikkert hva som skjer fra 2018<\/h2><p style=\"white-space: pre-wrap;\">B\u00e5de Syria-forliket og avtalen med EU om \u00e5 hente asyls\u00f8kere fra S\u00f8r-Europa gjelder bare til og med 2017. Det er ikke avklart hvor mange kvoteflyktninger eller relokaliserte asyls\u00f8kere Norge vil ta imot i 2018.<\/p><p style=\"white-space: pre-wrap;\"><em>Foto \u00f8verst p\u00e5 siden: UNHCR<\/em><\/p><\/div><\/div><\/div><\/blockquote><div class=\"col sqs-col-2 span-2\"><div id=\"block-yui_3_17_2_16_1496103233810_15335\" class=\"sqs-block spacer-block sqs-block-spacer\" data-aspect-ratio=\"21.359223300970875\" data-block-type=\"21\"><blockquote><div id=\"yui_3_17_2_1_1663419437632_134\" class=\"sqs-block-content sqs-intrinsic\" style=\"padding-bottom: 21.3592%;\">\u00a0<\/div><\/blockquote><\/div><\/div><\/div><\/div><\/div><\/div><\/div>\t\t\t\t\t\t\t\t<\/div>\n\t\t\t\t<\/div>\n\t\t\t\t\t<\/div>\n\t\t<\/div>\n\t\t\t\t\t<\/div>\n\t\t<\/section>\n\t\t\t\t<section class=\"elementor-section elementor-top-section elementor-element elementor-element-f28e475 elementor-section-boxed elementor-section-height-default elementor-section-height-default\" data-id=\"f28e475\" data-element_type=\"section\" data-e-type=\"section\">\n\t\t\t\t\t\t<div class=\"elementor-container elementor-column-gap-default\">\n\t\t\t\t\t<div class=\"elementor-column elementor-col-100 elementor-top-column elementor-element elementor-element-7f805ec\" data-id=\"7f805ec\" data-element_type=\"column\" data-e-type=\"column\">\n\t\t\t<div class=\"elementor-widget-wrap elementor-element-populated\">\n\t\t\t\t\t\t<div class=\"elementor-element elementor-element-6b21529 elementor-widget elementor-widget-text-editor\" data-id=\"6b21529\" data-element_type=\"widget\" data-e-type=\"widget\" data-widget_type=\"text-editor.default\">\n\t\t\t\t<div class=\"elementor-widget-container\">\n\t\t\t\t\t\t\t\t\tASYLPOLITISKE SAKER 2017:\n<a href=\"\/2017-2\/barn-alene-pa-flukt\">Barn alene p\u00e5 flukt<\/a> &#8211; <a href=\"\/2017-2\/stengte-grenser\">Stengte grenser<\/a> &#8211; <a href=\"\/2017-2\/storskog\">Storskog<\/a> &#8211; <a href=\"\/2017-2\/opphor-av-flyktningstatus\">Opph\u00f8r av flyktningstatus<\/a> &#8211; <a href=\"\/2017-2\/rettssikkerhet-i-une\">Rettssikkerhet i utlendingsnemnda<\/a> &#8211; <a href=\"\/2017-2\/asylsaker-i-domstolen\">Asylsaker i domstolen<\/a> &#8211; <a href=\"\/2017-2\/situasjonen-i-mottak\">Situasjonen i mottak<\/a> &#8211; <a href=\"\/2017-2\/kvoteflyktninger-og-relokaliserte-asylskere\">Kvoteflyktninger og relokaliserte asyls\u00f8kere<\/a> &#8211; <a href=\"\/2017-2\/retur\">Retur<\/a>\t\t\t\t\t\t\t\t<\/div>\n\t\t\t\t<\/div>\n\t\t\t\t\t<\/div>\n\t\t<\/div>\n\t\t\t\t\t<\/div>\n\t\t<\/section>\n\t\t\t\t<\/div>\n\t\t","protected":false},"excerpt":{"rendered":"<p>Kvoteflyktninger og relokalisering 2016 Norge har to ulike ordninger for \u00e5 hente mennesker med beskyttelsesbehov til landet. Vi mottar kvoteflyktninger, i regi av FN, og vi henter asyls\u00f8kere fra S\u00f8r-Europa, organisert av EU. \u00a0 \u00a0 \u201cAvtalen om \u00e5 hente hit flere syrere har alts\u00e5 g\u00e5tt p\u00e5 bekostning av overf\u00f8ringsflyktninger som befinner seg i andre land [&hellip;]<\/p>\n","protected":false},"author":1,"featured_media":0,"parent":4527,"menu_order":0,"comment_status":"closed","ping_status":"closed","template":"","meta":{"_acf_changed":false,"site-sidebar-layout":"default","site-content-layout":"","ast-site-content-layout":"default","site-content-style":"default","site-sidebar-style":"default","ast-global-header-display":"","ast-banner-title-visibility":"","ast-main-header-display":"","ast-hfb-above-header-display":"","ast-hfb-below-header-display":"","ast-hfb-mobile-header-display":"","site-post-title":"","ast-breadcrumbs-content":"","ast-featured-img":"","footer-sml-layout":"","ast-disable-related-posts":"","theme-transparent-header-meta":"","adv-header-id-meta":"","stick-header-meta":"","header-above-stick-meta":"","header-main-stick-meta":"","header-below-stick-meta":"","astra-migrate-meta-layouts":"default","ast-page-background-enabled":"default","ast-page-background-meta":{"desktop":{"background-color":"var(--ast-global-color-4)","background-image":"","background-repeat":"repeat","background-position":"center center","background-size":"auto","background-attachment":"scroll","background-type":"","background-media":"","overlay-type":"","overlay-color":"","overlay-opacity":"","overlay-gradient":""},"tablet":{"background-color":"","background-image":"","background-repeat":"repeat","background-position":"center center","background-size":"auto","background-attachment":"scroll","background-type":"","background-media":"","overlay-type":"","overlay-color":"","overlay-opacity":"","overlay-gradient":""},"mobile":{"background-color":"","background-image":"","background-repeat":"repeat","background-position":"center center","background-size":"auto","background-attachment":"scroll","background-type":"","background-media":"","overlay-type":"","overlay-color":"","overlay-opacity":"","overlay-gradient":""}},"ast-content-background-meta":{"desktop":{"background-color":"var(--ast-global-color-5)","background-image":"","background-repeat":"repeat","background-position":"center center","background-size":"auto","background-attachment":"scroll","background-type":"","background-media":"","overlay-type":"","overlay-color":"","overlay-opacity":"","overlay-gradient":""},"tablet":{"background-color":"var(--ast-global-color-5)","background-image":"","background-repeat":"repeat","background-position":"center center","background-size":"auto","background-attachment":"scroll","background-type":"","background-media":"","overlay-type":"","overlay-color":"","overlay-opacity":"","overlay-gradient":""},"mobile":{"background-color":"var(--ast-global-color-5)","background-image":"","background-repeat":"repeat","background-position":"center center","background-size":"auto","background-attachment":"scroll","background-type":"","background-media":"","overlay-type":"","overlay-color":"","overlay-opacity":"","overlay-gradient":""}},"footnotes":""},"class_list":["post-4799","page","type-page","status-publish","hentry"],"acf":[],"_links":{"self":[{"href":"https:\/\/noas.no\/riketstilstand\/wp-json\/wp\/v2\/pages\/4799","targetHints":{"allow":["GET"]}}],"collection":[{"href":"https:\/\/noas.no\/riketstilstand\/wp-json\/wp\/v2\/pages"}],"about":[{"href":"https:\/\/noas.no\/riketstilstand\/wp-json\/wp\/v2\/types\/page"}],"author":[{"embeddable":true,"href":"https:\/\/noas.no\/riketstilstand\/wp-json\/wp\/v2\/users\/1"}],"replies":[{"embeddable":true,"href":"https:\/\/noas.no\/riketstilstand\/wp-json\/wp\/v2\/comments?post=4799"}],"version-history":[{"count":7,"href":"https:\/\/noas.no\/riketstilstand\/wp-json\/wp\/v2\/pages\/4799\/revisions"}],"predecessor-version":[{"id":6278,"href":"https:\/\/noas.no\/riketstilstand\/wp-json\/wp\/v2\/pages\/4799\/revisions\/6278"}],"up":[{"embeddable":true,"href":"https:\/\/noas.no\/riketstilstand\/wp-json\/wp\/v2\/pages\/4527"}],"wp:attachment":[{"href":"https:\/\/noas.no\/riketstilstand\/wp-json\/wp\/v2\/media?parent=4799"}],"curies":[{"name":"wp","href":"https:\/\/api.w.org\/{rel}","templated":true}]}}