{"id":4792,"date":"2022-09-17T12:47:50","date_gmt":"2022-09-17T12:47:50","guid":{"rendered":"https:\/\/noas.no\/riketstilstand\/?page_id=4792"},"modified":"2022-09-23T14:35:59","modified_gmt":"2022-09-23T14:35:59","slug":"europeisk-grensepolitikk","status":"publish","type":"page","link":"https:\/\/noas.no\/riketstilstand\/2016-2\/europeisk-grensepolitikk\/","title":{"rendered":"Europeisk grensepolitikk"},"content":{"rendered":"\t\t<div data-elementor-type=\"wp-page\" data-elementor-id=\"4792\" class=\"elementor elementor-4792\">\n\t\t\t\t\t\t<section class=\"elementor-section elementor-top-section elementor-element elementor-element-6ecc1f6 elementor-section-full_width elementor-section-height-full elementor-section-content-middle elementor-section-stretched elementor-section-height-default elementor-section-items-middle\" data-id=\"6ecc1f6\" data-element_type=\"section\" data-e-type=\"section\" data-settings=\"{&quot;background_background&quot;:&quot;classic&quot;,&quot;stretch_section&quot;:&quot;section-stretched&quot;}\">\n\t\t\t\t\t\t\t<div class=\"elementor-background-overlay\"><\/div>\n\t\t\t\t\t\t\t<div class=\"elementor-container elementor-column-gap-default\">\n\t\t\t\t\t<div class=\"elementor-column elementor-col-100 elementor-top-column elementor-element elementor-element-549a4b88\" data-id=\"549a4b88\" data-element_type=\"column\" data-e-type=\"column\">\n\t\t\t<div class=\"elementor-widget-wrap elementor-element-populated\">\n\t\t\t\t\t\t<div class=\"elementor-element elementor-element-50eb6a34 elementor-widget elementor-widget-heading\" data-id=\"50eb6a34\" data-element_type=\"widget\" data-e-type=\"widget\" data-widget_type=\"heading.default\">\n\t\t\t\t<div class=\"elementor-widget-container\">\n\t\t\t\t\t<h1 class=\"elementor-heading-title elementor-size-default\">\nEuropeisk grensepolitikk 2016<\/h1>\t\t\t\t<\/div>\n\t\t\t\t<\/div>\n\t\t\t\t\t<\/div>\n\t\t<\/div>\n\t\t\t\t\t<\/div>\n\t\t<\/section>\n\t\t\t\t<section class=\"elementor-section elementor-top-section elementor-element elementor-element-565a7af elementor-section-boxed elementor-section-height-default elementor-section-height-default\" data-id=\"565a7af\" data-element_type=\"section\" data-e-type=\"section\">\n\t\t\t\t\t\t<div class=\"elementor-container elementor-column-gap-default\">\n\t\t\t\t\t<div class=\"elementor-column elementor-col-100 elementor-top-column elementor-element elementor-element-6ffba3a\" data-id=\"6ffba3a\" data-element_type=\"column\" data-e-type=\"column\">\n\t\t\t<div class=\"elementor-widget-wrap\">\n\t\t\t\t\t\t\t<\/div>\n\t\t<\/div>\n\t\t\t\t\t<\/div>\n\t\t<\/section>\n\t\t\t\t<section class=\"elementor-section elementor-top-section elementor-element elementor-element-27db119a elementor-section-boxed elementor-section-height-default elementor-section-height-default\" data-id=\"27db119a\" data-element_type=\"section\" data-e-type=\"section\">\n\t\t\t\t\t\t<div class=\"elementor-container elementor-column-gap-default\">\n\t\t\t\t\t<div class=\"elementor-column elementor-col-100 elementor-top-column elementor-element elementor-element-6d198274\" data-id=\"6d198274\" data-element_type=\"column\" data-e-type=\"column\">\n\t\t\t<div class=\"elementor-widget-wrap elementor-element-populated\">\n\t\t\t\t\t\t<div class=\"elementor-element elementor-element-800bef5 elementor-widget elementor-widget-text-editor\" data-id=\"800bef5\" data-element_type=\"widget\" data-e-type=\"widget\" data-widget_type=\"text-editor.default\">\n\t\t\t\t<div class=\"elementor-widget-container\">\n\t\t\t\t\t\t\t\t\t<h5><em>Europeiske forhold har stor innvirkning p\u00e5 hvor mange asyls\u00f8kere som kommer til Norge. Grensekontroller internt i Europa og EUs avtale med Tyrkia er viktige grunner til at f\u00e5 asyls\u00f8kere har kommet til Norge i 2016 og 2017.<\/em><\/h5>\t\t\t\t\t\t\t\t<\/div>\n\t\t\t\t<\/div>\n\t\t\t\t<div class=\"elementor-element elementor-element-b283313 elementor-widget-divider--view-line elementor-widget elementor-widget-divider\" data-id=\"b283313\" data-element_type=\"widget\" data-e-type=\"widget\" data-widget_type=\"divider.default\">\n\t\t\t\t<div class=\"elementor-widget-container\">\n\t\t\t\t\t\t\t<div class=\"elementor-divider\">\n\t\t\t<span class=\"elementor-divider-separator\">\n\t\t\t\t\t\t<\/span>\n\t\t<\/div>\n\t\t\t\t\t\t<\/div>\n\t\t\t\t<\/div>\n\t\t\t\t<div class=\"elementor-element elementor-element-2fc62737 elementor-widget elementor-widget-text-editor\" data-id=\"2fc62737\" data-element_type=\"widget\" data-e-type=\"widget\" data-widget_type=\"text-editor.default\">\n\t\t\t\t<div class=\"elementor-widget-container\">\n\t\t\t\t\t\t\t\t\t<div class=\"custom-css\" data-content-field=\"main-content\" data-collection-id=\"592566e129687fefaa32af72\" data-edit-main-image=\"Page Banner\" id=\"yui_3_17_2_1_1663418953045_76\">\n\t\t\t\t\t\t\t\t\t<div class=\"sqs-layout sqs-grid-12 columns-12\" data-type=\"page\" data-updated-on=\"1553507021402\" id=\"page-592566e129687fefaa32af72\"><div class=\"row sqs-row\" id=\"yui_3_17_2_1_1663418953045_75\"><div class=\"col sqs-col-12 span-12\" id=\"yui_3_17_2_1_1663418953045_74\"><div class=\"row sqs-row\"><div class=\"col sqs-col-2 span-2\"><div class=\"sqs-block spacer-block sqs-block-spacer sized vsize-1\" data-block-type=\"21\" id=\"block-yui_3_17_2_50_1496100038933_18193\"><div class=\"sqs-block-content\">&nbsp;<\/div><\/div><\/div><div class=\"col sqs-col-8 span-8\"><div class=\"sqs-block html-block sqs-block-html\" data-block-type=\"2\" id=\"block-yui_3_17_2_4_1495992874267_4700\"><div class=\"sqs-block-content\"><h2 style=\"white-space:pre-wrap;\">&nbsp;<\/h2><h2 style=\"white-space:pre-wrap;\">Grensekontroller i Europa<\/h2><p style=\"white-space:pre-wrap;\">Etter h\u00f8ye asylankomster i 2015, har mange europeiske land innf\u00f8rt midlertidig grensekontroll der en tidligere kunne reise uten pass. Flyselskaper har ogs\u00e5 skjerpet kravet om gyldig reisedokument, slik at en ikke lenger kan reise med bankkort eller f\u00f8rerkort som bevis for sin identitet.<\/p><p style=\"white-space:pre-wrap;\">For asyls\u00f8kere som kommer til Europa, er det mye vanskeligere enn f\u00f8r \u00e5 reise nordover uten \u00e5 bli stoppet p\u00e5 en grense og bli registrert som asyls\u00f8ker. Norges geografiske plassering gj\u00f8r at asyls\u00f8kere m\u00e5 krysse mange grenser f\u00f8r de kan komme hit og be om beskyttelse. Med langt flere grensekontroller enn f\u00f8r, ogs\u00e5 ved innreise til Sverige og Danmark, er det f\u00e6rre som kommer fram til den norske grensen og kan fremme en s\u00f8knad om asyl her.&nbsp;<\/p><p style=\"white-space:pre-wrap;\">Norge er det landet i Europa som hadde <a href=\"http:\/\/ec.europa.eu\/eurostat\/documents\/2995521\/7921609\/3-16032017-BP-EN.pdf\/e5fa98bb-5d9d-4297-9168-d07c67d1c9e1\" target=\"_blank\">st\u00f8rst prosentvis nedgang<\/a> i antallet asyls\u00f8kere fra 2015 til 2016. Antallet ble redusert fra 31 000 til 3 200, det vil si en nedgang p\u00e5 om lag 90 prosent.&nbsp;<br>&nbsp;<\/p>\n\n\n<\/div><\/div><\/div><div class=\"col sqs-col-2 span-2\"><div class=\"sqs-block spacer-block sqs-block-spacer sized vsize-1\" data-block-type=\"21\" id=\"block-yui_3_17_2_50_1496100038933_17739\"><div class=\"sqs-block-content\">&nbsp;<\/div><\/div><\/div><\/div><div class=\"sqs-block image-block sqs-block-image sqs-text-ready\" data-aspect-ratio=\"42.33206590621039\" data-block-type=\"5\" id=\"block-yui_3_17_2_50_1496100038933_4778\"><div class=\"sqs-block-content\" id=\"yui_3_17_2_1_1663418953045_73\">\n\n\n\n\n\n\n\n\n\n\n\n\n\n\n\n  \n\n    \n  \n    <div class=\"\n          image-block-outer-wrapper\n          layout-caption-below\n          design-layout-inline\n          combination-animation-none\n          individual-animation-none\n          individual-text-animation-none\n        \" data-test=\"image-block-inline-outer-wrapper\" id=\"yui_3_17_2_1_1663418953045_72\">\n\n      \n\n      \n        <figure class=\"\n              sqs-block-image-figure\n              intrinsic\n            \" style=\"max-width:945px;\" id=\"yui_3_17_2_1_1663418953045_71\">\n          \n        \n        \n\n        \n          \n            \n          <div class=\"image-block-wrapper\" data-animation-role=\"image\" id=\"yui_3_17_2_1_1663418953045_70\">\n            <div class=\"sqs-image-shape-container-element\n              \n          \n        \n              has-aspect-ratio\n            \" style=\"\n                position: relative;\n                \n                  padding-bottom:42.33206558227539%;\n                \n                overflow: hidden;\n              \" id=\"yui_3_17_2_1_1663418953045_69\">\n              <noscript><img decoding=\"async\" src=\"https:\/\/images.squarespace-cdn.com\/content\/v1\/56e6a2632b8dde4bafc35e0b\/1496102600837-WGBJWYTMWGTEPSSGU7G2\/image-asset.jpeg\" alt=\"foto: unhcr\/daniel etter\" \/><\/noscript><img decoding=\"async\" class=\"thumb-image loaded\" data-src=\"https:\/\/images.squarespace-cdn.com\/content\/v1\/56e6a2632b8dde4bafc35e0b\/1496102600837-WGBJWYTMWGTEPSSGU7G2\/image-asset.jpeg\" data-image=\"https:\/\/images.squarespace-cdn.com\/content\/v1\/56e6a2632b8dde4bafc35e0b\/1496102600837-WGBJWYTMWGTEPSSGU7G2\/image-asset.jpeg\" data-image-dimensions=\"945x630\" data-image-focal-point=\"0.5,0.5\" data-load=\"false\" data-image-id=\"592cb6c6b8a79bae6f05bdc6\" data-type=\"image\" style=\"left: 0%; top: -28.75%; width: 100%; height: 157.5%; position: absolute;\" alt=\"foto: unhcr\/daniel etter\" data-image-resolution=\"1000w\" src=\"https:\/\/images.squarespace-cdn.com\/content\/v1\/56e6a2632b8dde4bafc35e0b\/1496102600837-WGBJWYTMWGTEPSSGU7G2\/image-asset.jpeg?format=1000w\">\n            <\/div>\n          <\/div>\n        \n          \n        \n\n        \n          \n          <figcaption class=\"image-caption-wrapper\">\n            <div class=\"image-caption\"><p>foto: unhcr\/daniel etter<\/p><\/div>\n          <\/figcaption>\n        \n      \n        <\/figure>\n      \n\n    <\/div>\n  \n\n\n  \n\n\n<\/div><\/div><div class=\"row sqs-row\"><div class=\"col sqs-col-2 span-2\"><div class=\"sqs-block spacer-block sqs-block-spacer sized vsize-1\" data-block-type=\"21\" id=\"block-yui_3_17_2_50_1496100038933_26841\"><div class=\"sqs-block-content\">&nbsp;<\/div><\/div><\/div><div class=\"col sqs-col-7 span-7\"><div class=\"sqs-block html-block sqs-block-html\" data-block-type=\"2\" id=\"block-yui_3_17_2_50_1496100038933_5056\"><div class=\"sqs-block-content\"><h2 style=\"white-space:pre-wrap;\">EU-Tyrkia-erkl\u00e6ringen<\/h2><p style=\"white-space:pre-wrap;\">I mars 2016 inngikk EU og Tyrkia en avtale som handlet om \u00e5 begrense ankomstene av asyls\u00f8kere fra Tyrkia til de greske \u00f8yene. Det var den ruten flertallet av asyls\u00f8kerne brukte da de reiste til Europa i 2015, og fra EUs side var det et \u00f8nske om \u00e5 redusere antallet asyls\u00f8kere som kom denne veien.&nbsp;<\/p><p style=\"white-space:pre-wrap;\">Avtalen med EU inneb\u00e6rer at asyls\u00f8kere kan sendes tilbake til Tyrkia uten \u00e5 f\u00e5 asyls\u00f8knaden sin vurdert i Europa. EU-Tyrkia-avtalen er ikke en avtale i folkerettslig forstand, men en erkl\u00e6ring om hvordan landene skal samarbeide p\u00e5 asylomr\u00e5det.&nbsp;<\/p><p style=\"white-space:pre-wrap;\">Tyrkia er fra det landet i verden som har tatt imot flest flyktninger og asyls\u00f8kere. 2,9 millioner syrere og flere hundre tusen fra andre land, prim\u00e6rt Afghanistan og Irak, har flyktet dit. Mer enn 90 prosent av flyktningene bor utenfor flyktningleirer, og bare et f\u00e5tall har tilgang til arbeidsmarkedet. Andelen flyktningbarn som g\u00e5r p\u00e5 skole har \u00f8kt noe det siste \u00e5ret, men er fortsatt lav. Fiendtlige holdninger til flyktninger og anti-syrisk retorikk i Tyrkia har blitt <a href=\"http:\/\/www.noas.no\/okende-antisyrisk-retorikk-i-tyrkia\/\" target=\"_blank\">forsterket det siste \u00e5ret<\/a>.&nbsp;<br>&nbsp;<\/p>\n\n\n<\/div><\/div><\/div><div class=\"col sqs-col-3 span-3\"><div class=\"sqs-block spacer-block sqs-block-spacer sized vsize-1\" data-block-type=\"21\" id=\"block-yui_3_17_2_50_1496100038933_26241\"><div class=\"sqs-block-content\">&nbsp;<\/div><\/div><\/div><\/div><div class=\"sqs-block image-block sqs-block-image sqs-text-ready\" data-aspect-ratio=\"37.135614702154626\" data-block-type=\"5\" id=\"block-yui_3_17_2_50_1496100038933_21519\"><div class=\"sqs-block-content\" id=\"yui_3_17_2_1_1663418953045_95\">\n\n\n\n\n\n\n\n\n\n\n\n\n\n\n\n  \n\n    \n  \n    <div class=\"\n          image-block-outer-wrapper\n          layout-caption-below\n          design-layout-inline\n          combination-animation-none\n          individual-animation-none\n          individual-text-animation-none\n        \" data-test=\"image-block-inline-outer-wrapper\" id=\"yui_3_17_2_1_1663418953045_94\">\n\n      \n\n      \n        <figure class=\"\n              sqs-block-image-figure\n              intrinsic\n            \" style=\"max-width:945px;\" id=\"yui_3_17_2_1_1663418953045_93\">\n          \n        \n        \n\n        \n          \n            \n          <div class=\"image-block-wrapper\" data-animation-role=\"image\" id=\"yui_3_17_2_1_1663418953045_92\">\n            <div class=\"sqs-image-shape-container-element\n              \n          \n        \n              has-aspect-ratio\n            \" style=\"\n                position: relative;\n                \n                  padding-bottom:37.135616302490234%;\n                \n                overflow: hidden;\n              \" id=\"yui_3_17_2_1_1663418953045_91\">\n              <noscript><img decoding=\"async\" src=\"https:\/\/images.squarespace-cdn.com\/content\/v1\/56e6a2632b8dde4bafc35e0b\/1496102794365-PCFHC9IN68YQET005WQC\/image-asset.jpeg\" alt=\"foto: unhcr\/andrew mcconnel\" \/><\/noscript><img decoding=\"async\" class=\"thumb-image loaded\" data-src=\"https:\/\/images.squarespace-cdn.com\/content\/v1\/56e6a2632b8dde4bafc35e0b\/1496102794365-PCFHC9IN68YQET005WQC\/image-asset.jpeg\" data-image=\"https:\/\/images.squarespace-cdn.com\/content\/v1\/56e6a2632b8dde4bafc35e0b\/1496102794365-PCFHC9IN68YQET005WQC\/image-asset.jpeg\" data-image-dimensions=\"945x630\" data-image-focal-point=\"0.5,0.5\" data-load=\"false\" data-image-id=\"592cb788197aea28581dbc46\" data-type=\"image\" style=\"left: 0%; top: -39.7436%; width: 100%; height: 179.487%; position: absolute;\" alt=\"foto: unhcr\/andrew mcconnel\" data-image-resolution=\"1000w\" src=\"https:\/\/images.squarespace-cdn.com\/content\/v1\/56e6a2632b8dde4bafc35e0b\/1496102794365-PCFHC9IN68YQET005WQC\/image-asset.jpeg?format=1000w\">\n            <\/div>\n          <\/div>\n        \n          \n        \n\n        \n          \n          <figcaption class=\"image-caption-wrapper\">\n            <div class=\"image-caption\"><p>foto: unhcr\/andrew mcconnel<\/p><\/div>\n          <\/figcaption>\n        \n      \n        <\/figure>\n      \n\n    <\/div>\n  \n\n\n  \n\n\n<\/div><\/div><div class=\"row sqs-row\"><div class=\"col sqs-col-2 span-2\"><div class=\"sqs-block spacer-block sqs-block-spacer sized vsize-1\" data-block-type=\"21\" id=\"block-yui_3_17_2_50_1496100038933_37099\"><div class=\"sqs-block-content\">&nbsp;<\/div><\/div><\/div><div class=\"col sqs-col-8 span-8\"><div class=\"sqs-block html-block sqs-block-html\" data-block-type=\"2\" id=\"block-yui_3_17_2_50_1496100038933_21795\"><div class=\"sqs-block-content\"><h2 style=\"white-space:pre-wrap;\">Tyrkia anses som trygt<\/h2><p style=\"white-space:pre-wrap;\">I avtalen med EU anses Tyrkia som et trygt land \u00e5 returnere asyls\u00f8kere til. <a href=\"http:\/\/www.noas.no\/wp-content\/uploads\/2016\/04\/NOAS-rapport-Tyrkia-april-2016.pdf\" target=\"_blank\">Tyrkias asylsystem har imidlertid store mangler<\/a>, og det er h\u00f8yst tvilsomt om asyls\u00f8keres rettigheter vil bli ivaretatt ved retur dit. Greske ankeinstanser har stanset mange returer, fordi Tyrkia ikke anses som trygt.&nbsp;<\/p><p style=\"white-space:pre-wrap;\">Avtalen sier at for hver syrer som blir sendt tilbake til Tyrkia fra de greske \u00f8yene, skal en annen syrer hentes til Europa. Det er satt et tak p\u00e5 72 000 syrere som skal gjenbosettes i et europeisk land p\u00e5 denne m\u00e5ten. Avtalen sier ogs\u00e5 at Tyrkia f\u00e5r to milliarder euro, og at EU skal sende 2 300 eksperter til Hellas for \u00e5 bidra til \u00e5 gjennomf\u00f8re avtalen.<br>&nbsp;<\/p>\n\n\n<\/div><\/div><\/div><div class=\"col sqs-col-2 span-2\"><div class=\"sqs-block spacer-block sqs-block-spacer sized vsize-1\" data-block-type=\"21\" id=\"block-yui_3_17_2_50_1496100038933_36365\"><div class=\"sqs-block-content\">&nbsp;<\/div><\/div><\/div><\/div><div class=\"sqs-block image-block sqs-block-image sqs-text-ready\" data-aspect-ratio=\"34.22053231939163\" data-block-type=\"5\" id=\"block-yui_3_17_2_50_1496100038933_31390\"><div class=\"sqs-block-content\" id=\"yui_3_17_2_1_1663418953045_113\">\n\n\n\n\n\n\n\n\n\n\n\n\n\n\n\n  \n\n    \n  \n    <div class=\"\n          image-block-outer-wrapper\n          layout-caption-below\n          design-layout-inline\n          combination-animation-none\n          individual-animation-none\n          individual-text-animation-none\n        \" data-test=\"image-block-inline-outer-wrapper\" id=\"yui_3_17_2_1_1663418953045_112\">\n\n      \n\n      \n        <figure class=\"\n              sqs-block-image-figure\n              intrinsic\n            \" style=\"max-width:945px;\" id=\"yui_3_17_2_1_1663418953045_111\">\n          \n        \n        \n\n        \n          \n            \n          <div class=\"image-block-wrapper\" data-animation-role=\"image\" id=\"yui_3_17_2_1_1663418953045_110\">\n            <div class=\"sqs-image-shape-container-element\n              \n          \n        \n              has-aspect-ratio\n            \" style=\"\n                position: relative;\n                \n                  padding-bottom:34.22053146362305%;\n                \n                overflow: hidden;\n              \" id=\"yui_3_17_2_1_1663418953045_109\">\n              <noscript><img decoding=\"async\" src=\"https:\/\/images.squarespace-cdn.com\/content\/v1\/56e6a2632b8dde4bafc35e0b\/1496102872612-399AI756ORUXUHXDEHL0\/image-asset.jpeg\" alt=\"foto: unhcr\/achilleas zavallis\" \/><\/noscript><img decoding=\"async\" class=\"thumb-image loaded\" data-src=\"https:\/\/images.squarespace-cdn.com\/content\/v1\/56e6a2632b8dde4bafc35e0b\/1496102872612-399AI756ORUXUHXDEHL0\/image-asset.jpeg\" data-image=\"https:\/\/images.squarespace-cdn.com\/content\/v1\/56e6a2632b8dde4bafc35e0b\/1496102872612-399AI756ORUXUHXDEHL0\/image-asset.jpeg\" data-image-dimensions=\"945x630\" data-image-focal-point=\"0.5,0.5\" data-load=\"false\" data-image-id=\"592cb7d629687f03fe7b832f\" data-type=\"image\" style=\"left: 0%; top: -47.5232%; width: 100%; height: 195.046%; position: absolute;\" alt=\"foto: unhcr\/achilleas zavallis\" data-image-resolution=\"1000w\" src=\"https:\/\/images.squarespace-cdn.com\/content\/v1\/56e6a2632b8dde4bafc35e0b\/1496102872612-399AI756ORUXUHXDEHL0\/image-asset.jpeg?format=1000w\">\n            <\/div>\n          <\/div>\n        \n          \n        \n\n        \n          \n          <figcaption class=\"image-caption-wrapper\">\n            <div class=\"image-caption\"><p>foto: unhcr\/achilleas zavallis<\/p><\/div>\n          <\/figcaption>\n        \n      \n        <\/figure>\n      \n\n    <\/div>\n  \n\n\n  \n\n\n<\/div><\/div><div class=\"row sqs-row\"><div class=\"col sqs-col-2 span-2\"><div class=\"sqs-block spacer-block sqs-block-spacer sized vsize-1\" data-block-type=\"21\" id=\"block-yui_3_17_2_50_1496100038933_45402\"><div class=\"sqs-block-content\">&nbsp;<\/div><\/div><\/div><div class=\"col sqs-col-8 span-8\"><div class=\"sqs-block html-block sqs-block-html\" data-block-type=\"2\" id=\"block-yui_3_17_2_50_1496100038933_31666\"><div class=\"sqs-block-content\"><h2 style=\"white-space:pre-wrap;\">Vanskelige forhold i Hellas<\/h2><p style=\"white-space:pre-wrap;\">I perioden etter at avtalen tr\u00e5dte i kraft, ble alle flyktningene som kom til Hellas fengslet. I dag fengsles ikke alle som kommer, men det greske systemet er fortsatt preget av vilk\u00e5rlighet og rettssikkerhetsmangler. Mange asyls\u00f8kere og flyktninger har strandet i Hellas, og kommer seg ikke videre nordover i Europa. Barn og andre s\u00e5rbare personer har bodd i m\u00e5nedsvis i overfylte leirer uten oppvarming, ogs\u00e5 i vinterm\u00e5nedene.&nbsp;<\/p><p style=\"white-space:pre-wrap;\">Etter at avtalen ble inng\u00e5tt, har ankomstene av asyls\u00f8kere til Hellas blitt betydelig redusert. Uholdbare mottaksforhold i Hellas og at mange asyls\u00f8kere blir sittende fast der uten mulighet til \u00e5 reise videre eller f\u00e5 asyls\u00f8knaden sin behandlet, har bidratt til at langt f\u00e6rre enn f\u00f8r kommer denne veien til Europa. I tillegg har det nok betydning at Tyrkia har stengt grensen mot Syria, slik at syriske flyktninger ikke slipper inn i landet og derfor heller ikke kan reise videre til Europa.<\/p><p style=\"white-space:pre-wrap;\">I mars 2017 hadde om lag 1500 asyls\u00f8kere blitt sendt tilbake fra Hellas til Tyrkia. Bare et lite mindretall var syrere. P\u00e5 samme tidspunkt hadde i overkant av 3500 syrere blitt hentet fra Tyrkia til europeiske land.<br>&nbsp;<\/p>\n\n\n<\/div><\/div><\/div><div class=\"col sqs-col-2 span-2\"><div class=\"sqs-block spacer-block sqs-block-spacer sized vsize-1\" data-block-type=\"21\" id=\"block-yui_3_17_2_50_1496100038933_47736\"><div class=\"sqs-block-content\">&nbsp;<\/div><\/div><\/div><\/div><div class=\"sqs-block quote-block sqs-block-quote null sqs-col-6 span-6 float float-left\" data-block-type=\"31\" id=\"block-yui_3_17_2_50_1496100038933_43002\"><div class=\"sqs-block-content\">\n\n\n\n<figure class=\"block-animation-none\">\n  <blockquote data-animation-role=\"quote\">\n    <span>\u201c<\/span>I praksis inneb\u00e6rer begge l\u00f8sninger at asyls\u00f8kere og flyktninger mister retten til \u00e5 f\u00e5 beskyttelse i Europa, og at land som ligger n\u00e6rmere konfliktomr\u00e5dene m\u00e5 ta en enda st\u00f8rre del av ansvaret.&nbsp;<span>\u201d<\/span>\n  <\/blockquote>\n  \n<\/figure>\n<\/div><\/div><div class=\"sqs-block html-block sqs-block-html\" data-block-type=\"2\" id=\"block-yui_3_17_2_50_1496100038933_41548\"><div class=\"sqs-block-content\"><h2 style=\"white-space:pre-wrap;\">Paralleller til Storskog-l\u00f8sningen<\/h2><p style=\"white-space:pre-wrap;\">EUs tiln\u00e6rming til asyls\u00f8kere som reiser inn via Tyrkia har mange paralleller til <a href=\"\/2016\/storskog\">Norges h\u00e5ndtering av situasjonen som oppstod p\u00e5 Storskog<\/a> da omtrent 5 500 asyls\u00f8kere reiste inn i landet fra Russland h\u00f8sten 2015. I begge tilfeller ble asyls\u00f8kere avvist uten \u00e5 f\u00e5 en ordentlig vurdering av om de har behov for beskyttelse.&nbsp;<\/p><p style=\"white-space:pre-wrap;\">I praksis inneb\u00e6rer begge l\u00f8sninger at asyls\u00f8kere og flyktninger mister retten til \u00e5 f\u00e5 beskyttelse i Europa, og at land som ligger n\u00e6rmere konfliktomr\u00e5dene m\u00e5 ta en enda st\u00f8rre del av ansvaret.&nbsp;<br>&nbsp;<\/p><p style=\"white-space:pre-wrap;\"><em>Foto \u00f8verst p\u00e5 siden: Knut Bry\/Tinagent<\/em><\/p>\n\n\n<\/div><\/div><\/div><\/div><\/div>\n\t\t\t\t\t\t\t\t<\/div>\t\t\t\t\t\t\t\t<\/div>\n\t\t\t\t<\/div>\n\t\t\t\t\t<\/div>\n\t\t<\/div>\n\t\t\t\t\t<\/div>\n\t\t<\/section>\n\t\t\t\t<section class=\"elementor-section elementor-top-section elementor-element elementor-element-f28e475 elementor-section-boxed elementor-section-height-default elementor-section-height-default\" data-id=\"f28e475\" data-element_type=\"section\" data-e-type=\"section\">\n\t\t\t\t\t\t<div class=\"elementor-container elementor-column-gap-default\">\n\t\t\t\t\t<div class=\"elementor-column elementor-col-100 elementor-top-column elementor-element elementor-element-7f805ec\" data-id=\"7f805ec\" data-element_type=\"column\" data-e-type=\"column\">\n\t\t\t<div class=\"elementor-widget-wrap elementor-element-populated\">\n\t\t\t\t\t\t<div class=\"elementor-element elementor-element-6b21529 elementor-widget elementor-widget-text-editor\" data-id=\"6b21529\" data-element_type=\"widget\" data-e-type=\"widget\" data-widget_type=\"text-editor.default\">\n\t\t\t\t<div class=\"elementor-widget-container\">\n\t\t\t\t\t\t\t\t\tASYLPOLITISKE SAKER 2017:\n<a href=\"\/2017-2\/barn-alene-pa-flukt\">Barn alene p\u00e5 flukt<\/a> &#8211; <a href=\"\/2017-2\/stengte-grenser\">Stengte grenser<\/a> &#8211; <a href=\"\/2017-2\/storskog\">Storskog<\/a> &#8211; <a href=\"\/2017-2\/opphor-av-flyktningstatus\">Opph\u00f8r av flyktningstatus<\/a> &#8211; <a href=\"\/2017-2\/rettssikkerhet-i-une\">Rettssikkerhet i utlendingsnemnda<\/a> &#8211; <a href=\"\/2017-2\/asylsaker-i-domstolen\">Asylsaker i domstolen<\/a> &#8211; <a href=\"\/2017-2\/situasjonen-i-mottak\">Situasjonen i mottak<\/a> &#8211; <a href=\"\/2017-2\/kvoteflyktninger-og-relokaliserte-asylskere\">Kvoteflyktninger og relokaliserte asyls\u00f8kere<\/a> &#8211; <a href=\"\/2017-2\/retur\">Retur<\/a>\t\t\t\t\t\t\t\t<\/div>\n\t\t\t\t<\/div>\n\t\t\t\t\t<\/div>\n\t\t<\/div>\n\t\t\t\t\t<\/div>\n\t\t<\/section>\n\t\t\t\t<\/div>\n\t\t","protected":false},"excerpt":{"rendered":"<p>Europeisk grensepolitikk 2016 Europeiske forhold har stor innvirkning p\u00e5 hvor mange asyls\u00f8kere som kommer til Norge. Grensekontroller internt i Europa og EUs avtale med Tyrkia er viktige grunner til at f\u00e5 asyls\u00f8kere har kommet til Norge i 2016 og 2017. &nbsp; &nbsp; Grensekontroller i Europa Etter h\u00f8ye asylankomster i 2015, har mange europeiske land innf\u00f8rt [&hellip;]<\/p>\n","protected":false},"author":1,"featured_media":0,"parent":4527,"menu_order":0,"comment_status":"closed","ping_status":"closed","template":"","meta":{"_acf_changed":false,"site-sidebar-layout":"default","site-content-layout":"","ast-site-content-layout":"default","site-content-style":"default","site-sidebar-style":"default","ast-global-header-display":"","ast-banner-title-visibility":"","ast-main-header-display":"","ast-hfb-above-header-display":"","ast-hfb-below-header-display":"","ast-hfb-mobile-header-display":"","site-post-title":"","ast-breadcrumbs-content":"","ast-featured-img":"","footer-sml-layout":"","ast-disable-related-posts":"","theme-transparent-header-meta":"","adv-header-id-meta":"","stick-header-meta":"","header-above-stick-meta":"","header-main-stick-meta":"","header-below-stick-meta":"","astra-migrate-meta-layouts":"default","ast-page-background-enabled":"default","ast-page-background-meta":{"desktop":{"background-color":"var(--ast-global-color-4)","background-image":"","background-repeat":"repeat","background-position":"center center","background-size":"auto","background-attachment":"scroll","background-type":"","background-media":"","overlay-type":"","overlay-color":"","overlay-opacity":"","overlay-gradient":""},"tablet":{"background-color":"","background-image":"","background-repeat":"repeat","background-position":"center center","background-size":"auto","background-attachment":"scroll","background-type":"","background-media":"","overlay-type":"","overlay-color":"","overlay-opacity":"","overlay-gradient":""},"mobile":{"background-color":"","background-image":"","background-repeat":"repeat","background-position":"center center","background-size":"auto","background-attachment":"scroll","background-type":"","background-media":"","overlay-type":"","overlay-color":"","overlay-opacity":"","overlay-gradient":""}},"ast-content-background-meta":{"desktop":{"background-color":"var(--ast-global-color-5)","background-image":"","background-repeat":"repeat","background-position":"center center","background-size":"auto","background-attachment":"scroll","background-type":"","background-media":"","overlay-type":"","overlay-color":"","overlay-opacity":"","overlay-gradient":""},"tablet":{"background-color":"var(--ast-global-color-5)","background-image":"","background-repeat":"repeat","background-position":"center center","background-size":"auto","background-attachment":"scroll","background-type":"","background-media":"","overlay-type":"","overlay-color":"","overlay-opacity":"","overlay-gradient":""},"mobile":{"background-color":"var(--ast-global-color-5)","background-image":"","background-repeat":"repeat","background-position":"center center","background-size":"auto","background-attachment":"scroll","background-type":"","background-media":"","overlay-type":"","overlay-color":"","overlay-opacity":"","overlay-gradient":""}},"footnotes":""},"class_list":["post-4792","page","type-page","status-publish","hentry"],"acf":[],"_links":{"self":[{"href":"https:\/\/noas.no\/riketstilstand\/wp-json\/wp\/v2\/pages\/4792","targetHints":{"allow":["GET"]}}],"collection":[{"href":"https:\/\/noas.no\/riketstilstand\/wp-json\/wp\/v2\/pages"}],"about":[{"href":"https:\/\/noas.no\/riketstilstand\/wp-json\/wp\/v2\/types\/page"}],"author":[{"embeddable":true,"href":"https:\/\/noas.no\/riketstilstand\/wp-json\/wp\/v2\/users\/1"}],"replies":[{"embeddable":true,"href":"https:\/\/noas.no\/riketstilstand\/wp-json\/wp\/v2\/comments?post=4792"}],"version-history":[{"count":8,"href":"https:\/\/noas.no\/riketstilstand\/wp-json\/wp\/v2\/pages\/4792\/revisions"}],"predecessor-version":[{"id":6268,"href":"https:\/\/noas.no\/riketstilstand\/wp-json\/wp\/v2\/pages\/4792\/revisions\/6268"}],"up":[{"embeddable":true,"href":"https:\/\/noas.no\/riketstilstand\/wp-json\/wp\/v2\/pages\/4527"}],"wp:attachment":[{"href":"https:\/\/noas.no\/riketstilstand\/wp-json\/wp\/v2\/media?parent=4792"}],"curies":[{"name":"wp","href":"https:\/\/api.w.org\/{rel}","templated":true}]}}